{"id":383,"date":"2021-02-16T08:37:13","date_gmt":"2021-02-16T08:37:13","guid":{"rendered":"http:\/\/vincentbressac.com\/?page_id=383"},"modified":"2022-01-26T15:07:12","modified_gmt":"2022-01-26T15:07:12","slug":"ils-parlent-de-ce-que-nous-avons-fait-avec-eux","status":"publish","type":"page","link":"https:\/\/vincentbressac.com\/?page_id=383","title":{"rendered":"T\u00e9moignages de clients"},"content":{"rendered":"\n<h3>J&rsquo;ai modifi\u00e9 certains pr\u00e9noms par respect de la RGPD. Tous ces t\u00e9moignages sont exacts (faut-il le pr\u00e9ciser ?). Ils se r\u00e9f\u00e8rent \u00e0 mes diff\u00e9rents m\u00e9tiers : consultant, formateur, enseignant, coach.<\/h3>\n<ul>\n<li style=\"text-align: left;\">\n<p><span style=\"color: #000000;\">Ce stage m&rsquo;a fortement \u00e9clair\u00e9 pour mener \u00e0 bien mes missions. (Florence SDIS 31)<\/span><\/p>\n<\/li>\n<li style=\"text-align: left;\">\n<p><span style=\"color: #000000;\">Cette formation \u00e0 vos c\u00f4t\u00e9s a vraiment \u00e9t\u00e9 tr\u00e8s riche et captivante. Votre approche p\u00e9dagogique ajout\u00e9e de la passion qui vous anime, y ont contribu\u00e9 pour beaucoup. Alors surtout, ne changez rien ! (Claudine &#8211; Orl\u00e9ans R\u00e9gion centre)<\/span><\/p>\n<\/li>\n<li style=\"text-align: left;\">\n<p><span style=\"color: #000000;\">Toutes vos remarques et vos corrections ont \u00e9t\u00e9 pour moi autant d&rsquo;\u00e9l\u00e9ments constructifs \u00e0 ajouter (C. &#8211; Cholet).<\/span><\/p>\n<\/li>\n<li style=\"text-align: left;\">\n<p><span style=\"color: #000000;\">C&rsquo;est une excellente formation qui m&rsquo;a beaucoup appris. (Gaston &#8211; Jouy en Josas)<\/span><\/p>\n<\/li>\n<li style=\"text-align: left;\">\n<p><span style=\"color: #000000;\">Merci pour les documents. Cette formation a \u00e9t\u00e9 riche\u00a0 d&rsquo;enseignements. (Emmanuelle &#8211; biblioth\u00e9caire Lille)<\/span><\/p>\n<\/li>\n<li style=\"text-align: left;\">\n<p><span style=\"color: #000000;\">Encore merci pour cette formation\u2026 et tous ces \u00ab\u00a0plus\u00a0\u00bb\u00a0! Val\u00e9rie<\/span><\/p>\n<\/li>\n<li style=\"text-align: left;\">\n<p><span style=\"color: #000000;\">1000 mercis pour tous ces pr\u00e9cieux conseils. (Marie &#8211; Issy les Moulineaux)<\/span><\/p>\n<\/li>\n<li style=\"text-align: left;\">\n<p><span style=\"color: #000000;\">\u00a0Merci, c\u2019\u00e9tait un tr\u00e8s bon stage qui m\u2019aidera beaucoup. (C\u00e9cile &#8211; Toulon Provence M\u00e9diterran\u00e9e)<\/span><\/p>\n<\/li>\n<li style=\"text-align: left;\">\n<p><span style=\"color: #000000;\">Merci beaucoup pour ces supports qui sont vraiment tr\u00e8s int\u00e9ressants comme l\u2019\u00e9tais le cours\u2026 maintenant, \u00e0 nous de le mettre en pratique. (Christine &#8211; CR Pays de Loire)<\/span><\/p>\n<\/li>\n<li style=\"text-align: left;\">\n<p><span style=\"color: #000000;\">Bonjour monsieur Bressac, Je tenais \u00e0 vous remercier encore pour la tr\u00e8s bonne formation que vous nous avez assur\u00e9e, avec votre coll\u00e8gue Patrick Martin. Je vais tr\u00e8s rapidement mettre \u00e0 profit les nouvelles connaissances acquises, qui plus est avec humour et bonne humeur, ce qui ne g\u00e2che rien ! Ce n&rsquo;est pas toujours le cas avec les formateurs !\u00a0 (Sagesse &#8211; Cit\u00e9 internationale de la dentelle et de la mode de Calais)<\/span><\/p>\n<\/li>\n<li style=\"text-align: left;\">\n<p><span style=\"color: #000000;\">Bref, j&rsquo;ai appr\u00e9ci\u00e9 ce que vous nous avez appris lors de la formation et j&rsquo;ai tent\u00e9 de commencer \u00e0 mettre en pratique. (Sophie &#8211; CD Nord)<\/span><\/p>\n<\/li>\n<li style=\"text-align: left;\">\n<p><span style=\"color: #000000;\">Merci encore pour stage enrichissant qui a chang\u00e9 ma fa\u00e7on de voir les choses. (Aude &#8211; Pays de Bi\u00e8res)<\/span><\/p>\n<\/li>\n<li style=\"text-align: left;\">\n<p><span style=\"color: #000000;\">Bonjour Vincent, encore merci pour cette formation fort int\u00e9ressante et fort sympathique, quand on peut avoir les deux ! (Sophie)<\/span><\/p>\n<\/li>\n<li style=\"text-align: left;\">\n<p><span style=\"color: #000000;\">Vincent, merci pour cette formation stimulante&#8230;.et vos apports th\u00e9oriques ! Je n&rsquo;h\u00e9site pas \u00e0 vous contacter si j&rsquo;ai des questions ou bien un dossier \u00e0 vous montrer. (Anne &#8211; CASUD)<\/span><\/p>\n<\/li>\n<li style=\"text-align: left;\">\n<p><span style=\"color: #000000;\">Bonsoir, merci pour ces documents pr\u00e9cieux. J&rsquo;appr\u00e9cie ce compl\u00e9ment d&rsquo;information et trouve tr\u00e8s professionnel de nous faire profiter ainsi de vos comp\u00e9tences et connaissances apr\u00e8s le stage. Merci encore.\u00a0 (Fran\u00e7oise &#8211; Ch\u00e2teauneuf les Martigues)<\/span><\/p>\n<\/li>\n<li style=\"text-align: left;\">\n<p><span style=\"color: #000000;\">A la lecture de ce tr\u00e8s beau journal, je suis nostalgique des moments pass\u00e9s en votre compagnie \u00e0 tous\u2026 Merci \u00a0pour la richesse de ces rencontres ! A bient\u00f4t je l\u2019esp\u00e8re \u2026 (Natacha \u2013 Ostwald)<\/span><\/p>\n<\/li>\n<li style=\"text-align: left;\">\n<p><span style=\"color: #000000;\">Merci encore pour la formation qui m\u2019est utile au quotidien notamment pour la r\u00e9daction du Pays de Brisach\u2019Infos. (Tatiana)<\/span><\/p>\n<\/li>\n<li style=\"text-align: left;\">\n<p><span style=\"color: #000000;\">Merci beaucoup. Pour tout, la formation, vos premiers envois, et ces derniers. Cela vous a donn\u00e9 beaucoup de travail, bien au-del\u00e0 des trois journ\u00e9es r\u00e9glementaires ! Merci (\u00e0 vous !!) du bon moment pass\u00e9 tous ensemble, je crois sans me tromper que ce sentiment a \u00e9t\u00e9 vivement partag\u00e9, ressenti par toute l&rsquo;\u00e9quipe ! \u00a0Au plaisir d&rsquo;une prochaine formation. (Maryam)<\/span><\/p>\n<\/li>\n<li style=\"text-align: left;\">\n<p><span style=\"color: #000000;\">Je tiens\u00a0 \u00e0 vous remercier pour l\u2019envoi de ces documents et diaporamas, \u00e9l\u00e9ments que nous avons pu travailler ensemble et qui, j\u2019en suis certaine, resteront des r\u00e9f\u00e9rences pour notre \u00ab t\u00e2che \u00bb quotidienne. comme je vous en ai parl\u00e9 lors de notre \u00e9change au t\u00e9l\u00e9phone, ces trois jours m\u2019ont permis de mieux appr\u00e9hender la communication et m\u2019ont aid\u00e9 dans ma d\u00e9cision finale. (Marie &#8211; Mairie de BEAUFORT-en-VALLEE)<\/span><\/p>\n<\/li>\n<li style=\"text-align: left;\">\n<p><span style=\"color: #000000;\">Merci encore pour les 3 jours si instructifs de stage \u00e0 Colmar. (Migua\u00ebl-\u00a0 Forbach)<\/span><\/p>\n<\/li>\n<li style=\"text-align: left;\">\n<p><span style=\"color: #000000;\">J&rsquo;ai moi aussi beaucoup appr\u00e9ci\u00e9 cette formation qui me sera tr\u00e8s utile dans le cadre professionnel (Maximilien &#8211; Mairie de Lille)<\/span><\/p>\n<\/li>\n<li style=\"text-align: left;\">\n<p><span style=\"color: #000000;\">J&rsquo;avoue que votre formation \u00e9tait l&rsquo;une des rares formations qui m&rsquo;ait apport\u00e9 autant. (Marthe &#8211; Torcy).<\/span><\/p>\n<\/li>\n<li style=\"text-align: left;\">\n<p><span style=\"color: #000000;\">Je tenais \u00e0 vous adresser mes remerciements pour la qualit\u00e9 du contenu de la formation, le dynamisme et la bonne humeur qui l&rsquo;accompagnent. J&rsquo;ai beaucoup appris ces 2 journ\u00e9es et appr\u00e9ci\u00e9 le groupe.\u00a0 Puis-je vous garder en contact pour obtenir vos conseils ?\u00a0 (Marie-France).<\/span><\/p>\n<\/li>\n<li style=\"text-align: left;\">\n<p><span style=\"color: #000000;\">Peut-\u00eatre \u00e0 une autre session sur la com\u2019, qui sait ? Ce serait, en tout cas, avec plaisir pour ma part car cette derni\u00e8re formation fut int\u00e9ressante gr\u00e2ce \u00e0 vous et au groupe\u2026 \u00a0 (Carole &#8211; Ste Gemme sur Loire).<\/span><\/p>\n<\/li>\n<li style=\"text-align: left;\">\n<p><span style=\"color: #000000;\">Merci pour votre apport professionnel, le stage \u00e9tait tr\u00e8s enrichissant et vivant. J&rsquo;esp\u00e8re que nous aurons l&rsquo;occasion de nous recroiser dans une prochaine session CNFPT. Encore merci et bon courage.<\/span><\/p>\n<\/li>\n<li style=\"text-align: left;\">\n<p><span style=\"color: #000000;\">Je veux bien recevoir un exemplaire du journal du stage par la suite. (Fran\u00e7ois &#8211; Corbeil Essonnes)<\/span><\/p>\n<\/li>\n<li style=\"text-align: left;\">\n<p><span style=\"color: #000000;\">J\u2019accuse bonne r\u00e9ception de tous ces supports de formation qui me seront bien utiles. Encore merci d\u2019avoir partag\u00e9 votre savoir, nous ne savons jamais tout et en apprenons tous les jours !!! Pour ces journ\u00e9es pass\u00e9es avec vous, la satisfaction a \u00e9t\u00e9 r\u00e9ciproque, \u00e0 bient\u00f4t peut \u00eatre pour une autre formation. (Isabeau- Deuil La Barre)<\/span><\/p>\n<\/li>\n<li style=\"text-align: left;\">\n<p><span style=\"color: #000000;\">Je profite de l&rsquo;occasion pour vous remercier de votre stage tr\u00e8s int\u00e9ressant sur les supports de communication. Il m&rsquo;a \u00e9t\u00e9 fort utile ! (Christine &#8211; Mairie de Savonni\u00e8res)<\/span><\/p>\n<\/li>\n<li style=\"text-align: left;\">\n<p><span style=\"color: #000000;\">Je garderai un tr\u00e8s bon souvenir de cette formation autant pour la richesse de son contenu que pour les \u00e9changes avec les diff\u00e9rents participants et intervenants. (Sophie &#8211; Margny-l\u00e8s-Compi\u00e8gne)<\/span><\/p>\n<\/li>\n<li style=\"text-align: left;\">\n<p><span style=\"color: #000000;\">C\u2019est vrai que ces quelques jours de formation furent tr\u00e8s riches en rencontre et en partage ! \u00a0Et gr\u00e2ce \u00e0 ce petit journal on en garde un m\u00e9morable souvenir ! Merci \u00e0 tous et \u00e0 tr\u00e8s bient\u00f4t \u2026 (Brigitte Charg\u00e9e de Communication &#8211; Mairie d\u2019Eschau)<\/span><\/p>\n<\/li>\n<li style=\"text-align: left;\">\n<p><span style=\"color: #000000;\">Virginie et moi avons appr\u00e9ci\u00e9 cette derni\u00e8re formation. Reste \u00e0 faire passer le message aupr\u00e8s de nos dirigeants. \u00a0Merci beaucoup pour vos encouragements et vos pr\u00e9cieux conseils. (Agn\u00e8s \u2013 Romorantin)<\/span><\/p>\n<\/li>\n<li style=\"text-align: left;\">\n<p><span style=\"color: #000000;\">Merci pour les docs et pour ces trois jours de formation tr\u00e8s instructifs. (Erick &#8211; La Gorgue 59)<\/span><\/p>\n<\/li>\n<li style=\"text-align: left;\">\n<p><span style=\"color: #000000;\">J\u2019ai \u00e9norm\u00e9ment appr\u00e9ci\u00e9 votre intervention, pleine d\u2019anecdotes. Cette formation me sera tr\u00e8s utile dans mes futures t\u00e2ches. A bient\u00f4t, je l\u2019esp\u00e8re dans d\u2019autres formations.\u00a0 (Florence &#8211; CNFPT Alsace-Moselle)<\/span><\/p>\n<\/li>\n<li style=\"text-align: left;\">\n<p><span style=\"color: #000000;\">Merci Mr Bressac, le plaisir fut partag\u00e9. Nous avons acquis de nouvelles et pr\u00e9cieuses connaissances, esp\u00e9rons que nous pourrons les mettre \u00e0 profit au sein de la collectivit\u00e9, \u00e0 d\u00e9faut, celles ci viendront enrichir\u00a0 notre potentiel \u00e0 faire face dans\u00a0 un avenir de communiquant. Bien \u00e0 vous. (Fabien &#8211; Mairie de Saint Laurent du Var)<\/span><\/p>\n<\/li>\n<li style=\"text-align: left;\">\n<p><span style=\"color: #000000;\">Merci dans tous les cas pour vos explications et votre \u00e9nergie. Je suis certaine que nous aurions pu aller encore plus loin dans nos apprentissages si le niveau du groupe avait \u00e9t\u00e9 plus homog\u00e8ne (formation, profil, missions, attentes, motivation ?). Je vous souhaite un avenir professionnel le plus riche et constructif possible&#8230; et surtout des stagiaires moins bavardes !!! (Christine &#8211; CG Moselle)<\/span><\/p>\n<\/li>\n<li style=\"text-align: left;\">\n<p><span style=\"color: #000000;\">Bonjour Monsieur Bressac, J&rsquo;ai bien re\u00e7u le journal de stage. J&rsquo;ai pris le temps de le regarder ce midi, je me suis d\u00e9tendue et mon esprit \u00e0 fait un retour en arri\u00e8re avec le sourire aux l\u00e8vres\u00a0 ! J&rsquo;ai \u00e9norm\u00e9ment appr\u00e9ci\u00e9 les touches d&rsquo;humour car je trouve qu&rsquo;ils donnent des \u00e9lans dans la lecture et nous emp\u00eachent de d\u00e9crocher l&rsquo;attention. L&rsquo;article de Catherine sur son \u00ab\u00a0patron id\u00e9al\u00a0\u00bb m&rsquo;a fait rire car malheureusement il n&rsquo;existe pas. Je vous confirme que j&rsquo;applique doucement les conseils de Patrick Martin (pas trop de polices, pas de murs, on pose les pages au sol pour une vue de loin&#8230; rire) et j&rsquo;ai plus d&rsquo;aisance dans l&rsquo;\u00e9criture gr\u00e2ce \u00e0 vous.\u00a0 Merci \u00e0 vous, je garde de bons souvenirs du stage.<\/span><\/p>\n<\/li>\n<li style=\"text-align: left;\">\n<p><span style=\"color: #000000;\">Monsieur Bressac, je vous remercie vivement pour ces conseils. Quel plaisir d\u2019avoir des remarques construites et justifi\u00e9es par des arguments qui remplacent le \u00ab j\u2019aime pas \u00bb. Reste plus qu\u2019\u00e0 les faire accepter par nos \u00e9lus\u2026 (Carole \u2013 Bouvines)<\/span><\/p>\n<\/li>\n<li style=\"text-align: left;\">\n<p><span style=\"color: #000000;\">Merci encore pour la formation que vous nous avez dispens\u00e9e et que j&rsquo;ai trouv\u00e9 tr\u00e8s int\u00e9ressante \/ enrichissante. Je vous souhaite bon courage pour la mise en forme du journal de stage et vous dit \u00e0 bient\u00f4t &#8211; pourquoi pas &#8211; pour un prochain stage ! (Mathias &#8211; CG 68)\u00a0<\/span><\/p>\n<\/li>\n<li style=\"text-align: left;\">\n<p><span style=\"color: #000000;\">Bonjour Monsieur, J&rsquo;ai particip\u00e9 \u00e0 la formation sur la r\u00e9daction de discours pour les \u00e9lus \u00e0 Paris fin janvier.\u00a0 Merci beaucoup pour ce que vous nous avez transmis !\u00a0 Cette formation m&rsquo;a aid\u00e9 \u00e0 mieux cerner les besoins de mon \u00e9lu et \u00e0 concentrer mes forces pour mieux coller \u00e0 ses besoins. (Sara).<\/span><\/p>\n<\/li>\n<li style=\"text-align: left;\">\n<p><span style=\"color: #000000;\">Bonjour Monsieur, \u00a0Je voulais vous remercier de ces deux ann\u00e9es pass\u00e9es avec vous. J&rsquo;envisage d&rsquo;int\u00e9grer un programme propos\u00e9 par SKEMA Business School. Ce programme me permettra de valider une licence 3 en gestion en alternance tout en me pr\u00e9parant au concours Grandes Ecoles (\u00e9tudiant &#8211; EMLV La D\u00e9fense). \u00a0\u00a0<\/span><\/p>\n<\/li>\n<li style=\"text-align: left;\">\n<p><span style=\"color: #000000;\">J\u2019esp\u00e8re t\u00e9moigner bient\u00f4t sur le terrain professionnel l\u2019efficacit\u00e9 de vos m\u00e9thodes et la qualit\u00e9 de l\u2019enseignement re\u00e7u, en \u00e9tant bient\u00f4t je l\u2019esp\u00e8re, un bon manager. Je salue \u00e9galement avec beaucoup d\u2019humilit\u00e9 vos comp\u00e9tences p\u00e9dagogiques et professionnelles. Votre capacit\u00e9 d\u2019\u00e9coute, votre admirable patience et votre amour du travail bien fait ont raffermi en moi le go\u00fbt du service, de l\u2019excellence et de la perfection du d\u00e9tail. J\u2019estime avoir eu beaucoup de chance de vous avoir en tant qu&rsquo;\u00e9l\u00e8ve. Merci encore \u00e0 votre dynamisme et \u00e0 votre bonne humeur. Vous \u00eates un professeur talentueux qui nous donne envie d&rsquo;aller encore plus loin. Veuillez croire, cher Monsieur, \u00e0 l&rsquo;assurance de mes sentiments reconnaissants et respectueux. (Amina, \u00e9tudiante EMLV La D\u00e9fense).<\/span><\/p>\n<\/li>\n<li style=\"text-align: left;\">\n<p dir=\"auto\"><span style=\"color: #000000;\"><span class=\"s1\">Lors de ma premi\u00e8re ann\u00e9e \u00e0 l\u2019\u00e9cole de management L\u00e9onard de Vinci, j\u2019ai eu la chance d\u2019avoir M Bressac en tant que professeur. Il a su se montrer int\u00e9ressant et clair dans ses propos, mais surtout disponible et \u00e0 l\u2019\u00e9coute de ses \u00e9tudiants. C\u2019est un enseignant avec qui on peut ais\u00e9ment discuter ou bien approfondir certains sujets de cours. <\/span><span class=\"s1\">Il sait se montrer bienveillant et accompagner ses \u00e9l\u00e8ves dans leurs r\u00e9ussite. (Lou-Anne EMLV La D\u00e9fense). <\/span><\/span><\/p>\n<\/li>\n<li style=\"text-align: left;\">\n<p><span style=\"color: #000000;\">Bonne journ\u00e9e bon courage votre compagnie va me manquer. Cordialement. (Mathis &#8211; \u00e9tudiant IUT DUT R et T Blois).<\/span><\/p>\n<\/li>\n<li style=\"text-align: left;\">\n<p><span style=\"color: #000000;\">\u00ab\u00a0Vous avez tout compris au coaching\u00a0\u00bb (Jury de certification IFOD &#8211; Paris).\u00a0<\/span><\/p>\n<\/li>\n<li style=\"text-align: left;\">\n<p><span style=\"color: #000000;\"><span class=\"\" style=\"font-size: medium;\"> \u201cJe vous remercie de tout c\u0153ur de m&rsquo;avoir accompagn\u00e9e dans cette phase professionnelle vraiment difficile et permis ainsi gr\u00e2ce \u00e0 nos \u00e9changes de tenir \u00e0 mon poste et me tenant \u00e0 une juste distance\u201d<\/span>. (Anne &#8211; Chef de service &#8211; CD Bas Rhin).<\/span><\/p>\n<\/li>\n<li style=\"text-align: left;\">\n<p><span style=\"color: #000000;\">Bonjour monsieur BRESSAC, je tenais \u00e0 vous adresser mes remerciements pour la qualit\u00e9 de l\u2019accompagnent et votre suivi, votre bonne humeur, votre bienveillance et surtout vos conseils. L\u2019ensemble m\u2019a permis de repenser \u00e0 tout mon mode de management et le faire vivre au quotidien. (Val\u00e9rie. Responsable d&rsquo;affaires).<\/span><\/p>\n<\/li>\n<li style=\"text-align: left;\">\n<p><span style=\"color: #000000;\">Vous avez \u00e9t\u00e9 l&rsquo;un des seuls professeurs au sein de l&rsquo;EMLV qui m&rsquo;a marqu\u00e9 pour plusieurs raisons. Votre p\u00e9dagogie pour faire adh\u00e9rer et transmettre les bases du management, \u00e0 nous, \u00e9tudiants en \u00e9cole de commerce ! \u00c9galement la proximit\u00e9 que vous entreteniez avec vos \u00e9l\u00e8ves, en nous conseillant chaque jour sur votre mati\u00e8re o\u00f9 m\u00eame sur certains points de la vie quotidienne ! Mais aussi votre c\u00f4t\u00e9 humain, lorsque vous n&rsquo;h\u00e9sitiez pas \u00e0 faire des apart\u00e9s dans le cours, pour nous expliquer votre point de vue sur diff\u00e9rents sujets, tels que la gestion de conflits, difficult\u00e9s que nous pouvions rencontrer lors de projets de groupe par exemple. (C\u00e9lia BOUKEROUI, \u00e9tudiante 3 <sup>\u00e8me<\/sup> ann\u00e9e ELMV).<\/span><\/p>\n<\/li>\n<li style=\"text-align: left;\">\n<p><span style=\"color: #000000;\">En apparence tout allait tr\u00e8s bien. Le service bureau d&rsquo;\u00e9tudes, compos\u00e9 de trois techniciens, \u00e9tait reconnu comme la r\u00e9f\u00e9rence de la profession sur le d\u00e9partement, le client \u00e9tait extr\u00eamement satisfait et lui r\u00e9servait les dossiers difficiles. Les conditions mat\u00e9rielles de travail \u00e9taient bonnes et les indicateurs financiers \u00e9taient au vert.Et pourtant au retour des vacances de l&rsquo;\u00e9t\u00e9 2017, tous les collaborateurs du service me demandent individuellement un rendez-vous et me font part de leur volont\u00e9 de quitter l&rsquo;entreprise. Ils \u00e9taient tous \u00e0 bout. Je leur demande de me laisser 3 mois pour r\u00e9tablir la situation. Je comprends tr\u00e8s vite qu&rsquo;il me faut un regard ext\u00e9rieur sur la situation. Quelqu&rsquo;un qui ait de la hauteur de vue et qui favorise l&rsquo;expression en profondeur de tous. Il fallait d\u00e9tecter l&rsquo;origine de ce mal-\u00eatre professionnel profond.J&rsquo;ai alors fait appel \u00e0 Vincent BRESSAC. Vincent a su tr\u00e8s vite \u00e9tablir une relation de confiance avec chacun. Les entretiens men\u00e9s par Vincent avaient lieu toutes les semaines dans des locaux ext\u00e9rieurs. La parole s&rsquo;est lib\u00e9r\u00e9e avec parfois beaucoup d&rsquo;\u00e9motion. Les difficult\u00e9s, les ressentis, les blocages parfois anciens ont pu \u00eatre exprim\u00e9s. Les r\u00e9sultats ont \u00e9t\u00e9 si rapidement spectaculaires qu&rsquo;ils ont m\u00eame, dans un premier temps, d\u00e9stabilis\u00e9s certains. Pass\u00e9 l&rsquo;effet de surprise, le service est reparti sur les nouvelles bases souhait\u00e9es par tous. Ils avaient retrouv\u00e9 le sourire et le plaisir de travailler ensemble.Je suis reconnaissant \u00e0 Vincent d&rsquo;avoir su cr\u00e9er cette confiance qui a aider le groupe \u00e0 cheminer et a amen\u00e9 chacun \u00e0 une r\u00e9flexion personnelle, tout en restant dans la sph\u00e8re professionnelle. <br \/>Yann LE PETIT, chef d\u2019entreprise<\/span><\/p>\n<\/li>\n<li style=\"text-align: left;\">\n<p><span style=\"color: #000000;\">\u00ab\u00a0Agent au sein d&rsquo;une collectivit\u00e9 territoriale, j&rsquo;ai pu gr\u00e2ce au coaching de Vincent \u00e9tablir un bilan de comp\u00e9tences et surtout reprendre suffisamment de confiance en moi pour changer de service et entamer une seconde carri\u00e8re qui m&rsquo;\u00e9panouit totalement !\u00a0\u00bb\u00a0 <br \/>Rodolphe, cadre territorial &#8211; Indre et Loire.<\/span><\/p>\n<\/li>\n<li style=\"text-align: left;\">\n<p><span style=\"color: #000000;\">Je n&rsquo;ai pas eu la chance de vous revoir pendant mon ann\u00e9e de licence, c&rsquo;\u00e9tait vraiment dommage, car votre approche p\u00e9dagogique particuli\u00e8re \u00e9tait vraiment incroyable. Vous ne vous rendez m\u00eame pas compte de comment vous m&rsquo;avez aid\u00e9 mentalement ! Et que cela m&rsquo;a servi pour une grande partie de mes challenges, (notamment mes oraux). Maintenant j\u2019ai un emploi. Adrien Boula, IUT de Blois DUT R et T.<\/span><\/p>\n<\/li>\n<li>\n<p>\u00ab Merci pour votre aide pr\u00e9cieuse \u00e0 la relecture de mon m\u00e9moire dans le but de pr\u00e9parer ma soutenance. L\u2019honn\u00eatet\u00e9 et le partage de votre exp\u00e9rience personnelle ont \u00e9t\u00e9 une source inestimable \u00e0 ma r\u00e9flexion compl\u00e9mentaire, ma prise de hauteur sur mon \u00e9crit.<br \/>Encore merci pour le temps que vous m\u2019avez accordez et pour tous les conseils que vous m\u2019avez donn\u00e9, j\u2019ai vraiment appr\u00e9ci\u00e9 que vous ayez pris l\u2019initiative de faire des recherches sur mon sujet pour m\u2019apporter des \u00e9l\u00e9ments de r\u00e9ponse ou d\u2019information. Gr\u00e2ce \u00e0 vous, ma soutenance a \u00e9t\u00e9 largement \u00e0 la hauteur des attentes du jury !! \u00bb<br \/><em>Sol\u00e8ne, \u00e9tudiante Master 2 <\/em><em>RH <\/em><em>ESG Tours, Responsable RH en entreprise.<\/em><\/p>\n<\/li>\n<\/ul>\n\n\n\n<p><img loading=\"lazy\" decoding=\"async\" class=\" wp-image-502 aligncenter\" src=\"http:\/\/vincentbressac.com\/wp-content\/uploads\/2021\/02\/IMG_20200804_160532-1-225x300.jpg\" alt=\"\" width=\"345\" height=\"460\" srcset=\"https:\/\/vincentbressac.com\/wp-content\/uploads\/2021\/02\/IMG_20200804_160532-1-225x300.jpg 225w, https:\/\/vincentbressac.com\/wp-content\/uploads\/2021\/02\/IMG_20200804_160532-1-768x1024.jpg 768w, https:\/\/vincentbressac.com\/wp-content\/uploads\/2021\/02\/IMG_20200804_160532-1-1152x1536.jpg 1152w, https:\/\/vincentbressac.com\/wp-content\/uploads\/2021\/02\/IMG_20200804_160532-1-1536x2048.jpg 1536w, https:\/\/vincentbressac.com\/wp-content\/uploads\/2021\/02\/IMG_20200804_160532-1-scaled.jpg 1920w\" sizes=\"(max-width: 345px) 100vw, 345px\" \/><\/p>\n<h6 style=\"text-align: center;\"><em>V\u00e9zelay : la colline \u00e9ternelle. Que cherchaient ses b\u00e2tisseurs ? Que nous disent-ils ?<\/em><\/h6>\n","protected":false},"excerpt":{"rendered":"<p>J&rsquo;ai modifi\u00e9 certains pr\u00e9noms par respect de la RGPD. Tous ces t\u00e9moignages sont exacts (faut-il le pr\u00e9ciser ?). Ils se r\u00e9f\u00e8rent \u00e0 mes diff\u00e9rents m\u00e9tiers : consultant, formateur, enseignant, coach. Ce stage m&rsquo;a fortement \u00e9clair\u00e9 pour mener \u00e0 bien mes missions. (Florence SDIS 31) Cette formation \u00e0 vos c\u00f4t\u00e9s a vraiment \u00e9t\u00e9 tr\u00e8s riche et [&hellip;]<\/p>\n","protected":false},"author":1,"featured_media":0,"parent":0,"menu_order":0,"comment_status":"closed","ping_status":"closed","template":"","meta":{"footnotes":""},"_links":{"self":[{"href":"https:\/\/vincentbressac.com\/index.php?rest_route=\/wp\/v2\/pages\/383"}],"collection":[{"href":"https:\/\/vincentbressac.com\/index.php?rest_route=\/wp\/v2\/pages"}],"about":[{"href":"https:\/\/vincentbressac.com\/index.php?rest_route=\/wp\/v2\/types\/page"}],"author":[{"embeddable":true,"href":"https:\/\/vincentbressac.com\/index.php?rest_route=\/wp\/v2\/users\/1"}],"replies":[{"embeddable":true,"href":"https:\/\/vincentbressac.com\/index.php?rest_route=%2Fwp%2Fv2%2Fcomments&post=383"}],"version-history":[{"count":17,"href":"https:\/\/vincentbressac.com\/index.php?rest_route=\/wp\/v2\/pages\/383\/revisions"}],"predecessor-version":[{"id":613,"href":"https:\/\/vincentbressac.com\/index.php?rest_route=\/wp\/v2\/pages\/383\/revisions\/613"}],"wp:attachment":[{"href":"https:\/\/vincentbressac.com\/index.php?rest_route=%2Fwp%2Fv2%2Fmedia&parent=383"}],"curies":[{"name":"wp","href":"https:\/\/api.w.org\/{rel}","templated":true}]}}